{"id":542,"date":"2023-07-23T11:44:51","date_gmt":"2023-07-23T09:44:51","guid":{"rendered":"https:\/\/marcjortay.be\/peinture\/?page_id=542"},"modified":"2026-09-02T14:52:19","modified_gmt":"2026-09-02T12:52:19","slug":"events","status":"publish","type":"page","link":"https:\/\/marcjortay.be\/phobleaux\/events\/","title":{"rendered":"Actualit\u00e9s"},"content":{"rendered":"<h1><img loading=\"lazy\" class=\"wp-image-961 aligncenter\" src=\"https:\/\/marcjortay.be\/phobleaux\/wp-content\/uploads\/2026\/09\/eurythmie-ss-txt-1024x512.png\" alt=\"\" width=\"482\" height=\"241\" \/><span style=\"color: #008000;\">EURYTHMIE<\/span><\/h1>\n<p><span style=\"color: #ffffff;\">\u03b3\u03bd\u1ff6\u03b8\u03b9 \u03c3\u03b5\u03b1\u03c5\u03c4\u03cc\u03bd<\/span><br \/>\n<span style=\"color: #ffffff;\">Gnothi seauton<\/span><br \/>\n<span style=\"color: #ffffff;\">est une maxime grecque signifiant<\/span><br \/>\n<span style=\"color: #ffffff;\">\u00ab Connais-toi toi-m\u00eame \u00bb.<\/span><br \/>\n<span style=\"color: #ffffff;\">Popularis\u00e9e par Socrate, elle incite \u00e0 l\u2019introspection,<\/span><br \/>\n<span style=\"color: #ffffff;\">\u00e0 la connaissance de son \u00e2me et \u00e0 la sagesse.<\/span><br \/>\n<span style=\"color: #ffffff;\">Cet adage, je l\u2019ai r\u00e9p\u00e9t\u00e9 souvent<\/span><br \/>\n<span style=\"color: #ffffff;\">\u00e0 mon entourage.<\/span><br \/>\n<span style=\"color: #ffffff;\">\u00ab Comment vais-je pouvoir approcher<\/span><br \/>\n<span style=\"color: #ffffff;\">cette connaissance ? \u00bb me r\u00e9pondait<\/span><br \/>\n<span style=\"color: #ffffff;\">souvent mon interlocuteur.<\/span><br \/>\n<span style=\"color: #ffffff;\">L\u2019\u00e9coute et l\u2019observation de ce qui nous entoure<\/span><br \/>\n<span style=\"color: #ffffff;\">me semblaient souvent les meilleurs moyens<\/span><br \/>\n<span style=\"color: #ffffff;\">d\u2019atteindre un d\u00e9but de connaissance<\/span><br \/>\n<span style=\"color: #ffffff;\">de soi et des autres.<\/span><br \/>\n<span style=\"color: #ffffff;\">Comprendre venait ensuite<\/span><br \/>\n<span style=\"color: #ffffff;\">compl\u00e9ter la boite \u00e0 outils.<\/span><br \/>\n<span style=\"color: #ffffff;\">D\u00e8s lors, il tombait sous le sens de m\u2019interroger<\/span><br \/>\n<span style=\"color: #ffffff;\">sur les motivations qui me poussent \u00e0 peindre<\/span><br \/>\n<span style=\"color: #ffffff;\">et photographier, apr\u00e8s avoir,<\/span><br \/>\n<span style=\"color: #ffffff;\">durant de nombreuses ann\u00e9es,<\/span><br \/>\n<span style=\"color: #ffffff;\">observ\u00e9 l\u2019Homme s\u2019approprier le territoire<\/span><br \/>\n<span style=\"color: #ffffff;\">pour y organiser son environnement<\/span><br \/>\n<span style=\"color: #ffffff;\">b\u00e2ti et non-b\u00e2ti.<\/span><br \/>\n<span style=\"color: #ffffff;\">Ce travail d\u2019introspection passait<\/span><br \/>\n<span style=\"color: #ffffff;\">par la recherche de mes sources d\u2019inspiration<\/span><br \/>\n<span style=\"color: #ffffff;\">et aboutissait souvent par le t\u00e9lescopage<\/span><br \/>\n<span style=\"color: #ffffff;\">des id\u00e9es confront\u00e9es au r\u00e9el observ\u00e9.<\/span><br \/>\n<span style=\"color: #ffffff;\">La peinture ne pouvait que s\u2019inspirer de la photo.<\/span><br \/>\n<span style=\"color: #ffffff;\">Les egos des cr\u00e9ateurs se sont donc entrechoqu\u00e9s<\/span><br \/>\n<span style=\"color: #ffffff;\">dans une petite danse schizophr\u00e9nique<\/span><br \/>\n<span style=\"color: #ffffff;\">pour proposer une balade \u00e0 cinq voies<\/span><br \/>\n<span style=\"color: #ffffff;\">ou une ballade \u00e0 cinq voix.<\/span><br \/>\n<span style=\"color: #ffffff;\">Marc JORTAY<\/span><\/p>\n<h1><\/h1>\n<hr \/>\n<h1><\/h1>\n<p>&nbsp;<\/p>\n<h1>\u00e9cri-<span style=\"color: #99cc00;\">V<\/span><\/h1>\n<p><span style=\"color: #999999;\"><em>Salon des \u00e9crivains vervi\u00e9tois<\/em><\/span><\/p>\n<h2><span style=\"color: #999999;\">Les samedi et dimanche 22 et 23 mars 2025 de 11 \u00e0 17h<\/span><\/h2>\n<p><span style=\"color: #999999;\">Salle des Mini\u00e8res,<\/span><\/p>\n<p><span style=\"color: #999999;\">Place G\u00e9n\u00e9ral Jacques, 5 \u00e0 4800 Verviers<\/span><\/p>\n<h1><span style=\"color: #99cc00;\">Entr\u00e9e gratuite<\/span><\/h1>\n<hr \/>\n<p>&nbsp;<\/p>\n<p><img loading=\"lazy\" class=\"alignnone wp-image-666\" src=\"https:\/\/marcjortay.be\/peinture\/wp-content\/uploads\/2021\/09\/IMGL0147.jpeg\" alt=\"\" width=\"273\" height=\"273\" \/> \u00a0 <img loading=\"lazy\" class=\"alignnone wp-image-885\" src=\"https:\/\/marcjortay.be\/peinture\/wp-content\/uploads\/2025\/01\/IMG_5202-1024x687.jpg\" alt=\"\" width=\"340\" height=\"228\" \/><\/p>\n<hr \/>\n<p>&nbsp;<\/p>\n<h1 class=\"wp-block-image size-large\"><strong>\u00ab\u00a0Ville \u00c9vanescente\u00a0\u00bb<br \/>\n<\/strong><\/h1>\n<h4>Exposition de peintures<\/h4>\n<p>&nbsp;<\/p>\n<h1 class=\"wp-block-image size-large\"><a href=\"https:\/\/marcjortay.be\/peinture\/wp-content\/uploads\/2023\/07\/AfficheA3Jortay.pdf\" target=\"_blank\" rel=\"noopener\"><strong><img loading=\"lazy\" class=\"alignnone wp-image-744\" src=\"https:\/\/marcjortay.be\/peinture\/wp-content\/uploads\/2023\/07\/AfficheA3Jortay-748x1024.jpg\" alt=\"\" width=\"393\" height=\"538\" \/><\/strong><\/a><\/h1>\n<hr \/>\n<h1 class=\"wp-block-image size-large\"><strong>\u00ab\u00a0Les histoires de Tissi\u00a0\u00bb\u00a0<\/strong><\/h1>\n<h6>Le livre peut peut \u00eatre\u00a0 obtenu\u00a0 ( 25 \u20ac ) en adressant votre commande \u00e0 <a href=\"mailto:marc@jortay.com\">marc@jortay.com<\/a><\/h6>\n<p>&nbsp;<\/p>\n<h4><a href=\"https:\/\/www.youtube.com\/@tissiofficiel3074\/videos\" target=\"_blank\" rel=\"noopener\"><img loading=\"lazy\" class=\"alignnone size-medium wp-image-666\" src=\"https:\/\/marcjortay.be\/peinture\/wp-content\/uploads\/2021\/09\/IMGL0147-300x300.jpeg\" alt=\"\" width=\"300\" height=\"300\" \/><\/a><\/h4>\n<h6>Pour\u00a0 acc\u00e9der au making of, cliquer sur la photo<\/h6>\n<hr \/>\n<h3><\/h3>\n<h3>16\/9 &gt; 07\/10\/2023<\/h3>\n<h6><span style=\"color: #ffffff;\">Galerie HVL &#8211; Verviers<\/span><\/h6>\n<p><img loading=\"lazy\" class=\"alignnone wp-image-744\" src=\"https:\/\/marcjortay.be\/peinture\/wp-content\/uploads\/2023\/07\/AfficheA3Jortay-748x1024.jpg\" alt=\"\" width=\"289\" height=\"396\" \/><\/p>\n<h6><span style=\"color: #999999;\">Galerie HVL, rue Peltzer de Clermont, 20, 4800\u00a0 Verviers<\/span><\/h6>\n<h6><span style=\"color: #999999;\">Ouvert tous les vendredis et samedis de 14h \u00e0 19h et sur rendez-vous<\/span><\/h6>\n<h6><span style=\"color: #999999;\">T\u00e9l +32 492 50 28 48<\/span><\/h6>\n<hr \/>\n<p>&nbsp;<\/p>\n<h3>8\/2020 : publication \u00ab\u00a0Vol au dessus d&rsquo;un nid de confin\u00e9s xhoffurlains &#8230; de passage&#8230;\u00a0\u00bb<\/h3>\n<p><img loading=\"lazy\" class=\"size-medium wp-image-471 alignleft\" src=\"https:\/\/marcjortay.be\/peinture\/wp-content\/uploads\/2021\/02\/Avenir-1772020-300x290.png\" alt=\"\" width=\"300\" height=\"290\" \/><\/p>\n<p><img loading=\"lazy\" class=\"wp-image-482 alignleft\" src=\"https:\/\/marcjortay.be\/peinture\/wp-content\/uploads\/2021\/02\/vol...de-passage-300x300.jpg\" alt=\"\" width=\"288\" height=\"288\" \/><\/p>\n<p>&nbsp;<\/p>\n<p>&nbsp;<\/p>\n<p>&nbsp;<\/p>\n<p>&nbsp;<\/p>\n<p>&nbsp;<\/p>\n<p>&nbsp;<\/p>\n<p>&nbsp;<\/p>\n<p>&nbsp;<\/p>\n<hr \/>\n<h3><\/h3>\n<h3>5\/2014, 3\/2017 &amp; 6\/2018\u00a0 Expos \u00e0 Leseize &#8211; Xhoffraix<\/h3>\n<p><img loading=\"lazy\" class=\"alignnone size-medium wp-image-490\" src=\"https:\/\/marcjortay.be\/peinture\/wp-content\/uploads\/2021\/02\/invit-le16-mai-2014-300x285.jpg\" alt=\"\" width=\"300\" height=\"285\" \/><img loading=\"lazy\" class=\"alignnone size-medium wp-image-492\" src=\"https:\/\/marcjortay.be\/peinture\/wp-content\/uploads\/2021\/02\/invit-le16-mars-2017-300x281.jpg\" alt=\"\" width=\"300\" height=\"281\" \/> <img loading=\"lazy\" class=\"alignnone size-medium wp-image-491\" src=\"https:\/\/marcjortay.be\/peinture\/wp-content\/uploads\/2021\/02\/invit-le16-juin2018-300x285.jpg\" alt=\"\" width=\"300\" height=\"285\" \/><\/p>\n<hr \/>\n<p>&nbsp;<\/p>\n<h3>10\/2017 : Expo \u00ab\u00a0Bas les masques\u00a0\u00bb L&rsquo;Arv\u00f4 &#8211; Limbourg<\/h3>\n<p><img loading=\"lazy\" class=\"alignnone wp-image-470 size-medium\" src=\"https:\/\/marcjortay.be\/peinture\/wp-content\/uploads\/2021\/02\/003-scaled-e1613061492529-248x300.jpg\" alt=\"\" width=\"248\" height=\"300\" \/><\/p>\n<h3><\/h3>\n<hr \/>\n<h3>11\/2014 : Expo Lemaire -Pirard\u00a0 -Espace Duesberg &#8211; Verviers<\/h3>\n<p><img loading=\"lazy\" class=\"alignnone wp-image-493\" src=\"https:\/\/marcjortay.be\/peinture\/wp-content\/uploads\/2021\/02\/Lemaire-pirard-1-300x217.jpg\" alt=\"\" width=\"344\" height=\"249\" \/><\/p>\n<hr \/>\n<h3><\/h3>\n<h3>9\/2011 : Expo Cram &#8211; Alain Lema\u00eetre &#8211;\u00a0 Herve<\/h3>\n<p><img loading=\"lazy\" class=\"alignnone wp-image-468\" src=\"https:\/\/marcjortay.be\/peinture\/wp-content\/uploads\/2021\/02\/001-218x300.jpg\" alt=\"\" width=\"254\" height=\"350\" \/><\/p>\n","protected":false},"excerpt":{"rendered":"","protected":false},"author":2,"featured_media":0,"parent":0,"menu_order":0,"comment_status":"closed","ping_status":"closed","template":"","meta":[],"acf":[],"_links":{"self":[{"href":"https:\/\/marcjortay.be\/phobleaux\/wp-json\/wp\/v2\/pages\/542"}],"collection":[{"href":"https:\/\/marcjortay.be\/phobleaux\/wp-json\/wp\/v2\/pages"}],"about":[{"href":"https:\/\/marcjortay.be\/phobleaux\/wp-json\/wp\/v2\/types\/page"}],"author":[{"embeddable":true,"href":"https:\/\/marcjortay.be\/phobleaux\/wp-json\/wp\/v2\/users\/2"}],"replies":[{"embeddable":true,"href":"https:\/\/marcjortay.be\/phobleaux\/wp-json\/wp\/v2\/comments?post=542"}],"version-history":[{"count":20,"href":"https:\/\/marcjortay.be\/phobleaux\/wp-json\/wp\/v2\/pages\/542\/revisions"}],"predecessor-version":[{"id":970,"href":"https:\/\/marcjortay.be\/phobleaux\/wp-json\/wp\/v2\/pages\/542\/revisions\/970"}],"wp:attachment":[{"href":"https:\/\/marcjortay.be\/phobleaux\/wp-json\/wp\/v2\/media?parent=542"}],"curies":[{"name":"wp","href":"https:\/\/api.w.org\/{rel}","templated":true}]}}